{"id":34,"date":"2021-08-07T12:32:22","date_gmt":"2021-08-07T15:32:22","guid":{"rendered":"https:\/\/interelos.org.br\/?page_id=34"},"modified":"2026-08-28T10:23:03","modified_gmt":"2026-08-28T13:23:03","slug":"nossa-historia-2","status":"publish","type":"page","link":"https:\/\/interelos.org.br\/en\/quem-somos\/nossa-historia-2","title":{"rendered":"Our story"},"content":{"rendered":"<div data-elementor-type=\"wp-page\" data-elementor-id=\"34\" class=\"elementor elementor-34\" data-elementor-post-type=\"page\">\n\t\t\t\t\t\t\t\t\t<section class=\"elementor-section elementor-top-section elementor-element elementor-element-5a76ef2 elementor-section-boxed elementor-section-height-default elementor-section-height-default wd-section-disabled\" data-id=\"5a76ef2\" data-element_type=\"section\">\n\t\t\t\t\t\t<div class=\"elementor-container elementor-column-gap-default\">\n\t\t\t\t\t<div class=\"elementor-column elementor-col-100 elementor-top-column elementor-element elementor-element-83aabfe\" data-id=\"83aabfe\" data-element_type=\"column\">\n\t\t\t<div class=\"elementor-widget-wrap elementor-element-populated\">\n\t\t\t\t\t\t\t\t<div class=\"elementor-element elementor-element-7c0d354 color-orange elementor-widget elementor-widget-wd_title\" data-id=\"7c0d354\" data-element_type=\"widget\" data-widget_type=\"wd_title.default\">\n\t\t\t\t<div class=\"elementor-widget-container\">\n\t\t\t<link rel=\"stylesheet\" id=\"wd-section-title-css\" href=\"https:\/\/interelos.org.br\/wp-content\/themes\/woodmart\/css\/parts\/el-section-title.min.css?ver=6.1.4\" type=\"text\/css\" media=\"all\" \/>\n<div class=\"title-wrapper set-mb-s reset-last-child wd-title-color-default wd-title-style-default wd-title-size-default text-center\">\n<div class=\"liner-continer\">\n<h4 class=\"woodmart-title-container title wd-fontsize-l\">Our story<\/h4>\n<\/p><\/div>\n<div class=\"title-after_title set-cont-mb-s reset-last-child wd-fontsize-xs\">\n\t\t\t\t\tInterelos is a social impact organization in the field of socioeconomics.\t\t\t\t<\/div>\n<\/p><\/div>\n\t\t<\/div>\n\t\t\t\t<\/div>\n\t\t\t\t\t<\/div>\n\t\t<\/div>\n\t\t\t\t\t\t\t<\/div>\n\t\t<\/section>\n\t\t\t\t<section class=\"elementor-section elementor-top-section elementor-element elementor-element-7938f26f sticky-overlay-container color-orange elementor-section-boxed elementor-section-height-default elementor-section-height-default wd-section-disabled\" data-id=\"7938f26f\" data-element_type=\"section\">\n\t\t\t\t\t\t<div class=\"elementor-container elementor-column-gap-custom\">\n\t\t\t\t\t<div class=\"elementor-column elementor-col-66 elementor-top-column elementor-element elementor-element-78256a8e\" data-id=\"78256a8e\" data-element_type=\"column\">\n\t\t\t<div class=\"elementor-widget-wrap elementor-element-populated\">\n\t\t\t\t\t\t\t\t<div class=\"elementor-element elementor-element-62f1803f color-scheme-inherit text-left elementor-widget elementor-widget-text-editor\" data-id=\"62f1803f\" data-element_type=\"widget\" data-widget_type=\"text-editor.default\">\n\t\t\t\t<div class=\"elementor-widget-container\">\n\t\t\t<style>\/*! elementor - v3.17.0 - 08-11-2023 *\/\n.elementor-widget-text-editor.elementor-drop-cap-view-stacked .elementor-drop-cap{background-color:#69727d;color:#fff}.elementor-widget-text-editor.elementor-drop-cap-view-framed .elementor-drop-cap{color:#69727d;border:3px solid;background-color:transparent}.elementor-widget-text-editor:not(.elementor-drop-cap-view-default) .elementor-drop-cap{margin-top:8px}.elementor-widget-text-editor:not(.elementor-drop-cap-view-default) .elementor-drop-cap-letter{width:1em;height:1em}.elementor-widget-text-editor .elementor-drop-cap{float:left;text-align:center;line-height:1;font-size:50px}.elementor-widget-text-editor .elementor-drop-cap-letter{display:inline-block}<\/style>\t\t\t\t<p>Interelos was founded in 2017 to consolidate the extensive experience of its founders and associates in territorial development and socio-bioeconomy projects. Aerton Paiva, one of the founders, worked on the conception and execution of the One Million Cisterns for the Semi-Arid Region Program, by FEBRABAN, and Terra Forte, which implemented agro-industries in agrarian reform settlements. The associates&#039; project portfolio also includes the Fund\u00e3o Dam disaster reparation project in Mariana, Minas Gerais, as well as the development of strategic ESG projects in the private sector.<\/p><p>This history of participation in impactful and large-scale projects allows Interelos to practice a highly pragmatic vision for the implementation of sustainable production chains connected to the real market. At the same time, the institute works to create conditions for the empowerment of territories through education and institutional strengthening.<\/p><p>Desde sua funda\u00e7\u00e3o, o Interelos atuou em diferentes regi\u00f5es do Brasil, incluindo o Amap\u00e1 e o Par\u00e1, onde apoia a evolu\u00e7\u00e3o da cadeia do a\u00e7a\u00ed e de pescados e ambientes urbanos, cidade de S\u00e3o Paulo, com o desenvolvimento da agricultura periurbana. O instituto tamb\u00e9m trabalha em a\u00e7\u00f5es estruturantes, como o Programa Educa\u00e7\u00e3o do Campo, que apoia Escolas-Fam\u00edlia Rurais que adotam a Pedagia da Altern\u00e2ncia e o Parada Certa, rede de pontos de apoio para trabalhadores de aplicativos em todo o Brasil.<\/p><p>O Instituto Interelos \u00e9 uma organiza\u00e7\u00e3o sem fins lucrativos que tem como principais apoiadores e parceiros a CLUA (Climate and Land Use Alliance), Funda\u00e7\u00e3o Banco do Brasil, Funda\u00e7\u00e3o Porticus e SEBRAE.<\/p>\t\t\t\t\t\t<\/div>\n\t\t\t\t<\/div>\n\t\t\t\t\t<\/div>\n\t\t<\/div>\n\t\t\t\t<div class=\"elementor-column elementor-col-33 elementor-top-column elementor-element elementor-element-7347eb60\" data-id=\"7347eb60\" data-element_type=\"column\">\n\t\t\t<div class=\"elementor-widget-wrap elementor-element-populated\">\n\t\t\t\t\t\t\t\t<div class=\"elementor-element elementor-element-340f7690 sticky-addendum color-scheme-inherit text-left elementor-invisible elementor-widget elementor-widget-text-editor\" data-id=\"340f7690\" data-element_type=\"widget\" data-settings=\"{&quot;sticky&quot;:&quot;top&quot;,&quot;sticky_on&quot;:[&quot;desktop&quot;,&quot;tablet&quot;],&quot;sticky_offset&quot;:40,&quot;sticky_parent&quot;:&quot;yes&quot;,&quot;_animation&quot;:&quot;fadeInUp&quot;,&quot;sticky_effects_offset&quot;:0}\" data-widget_type=\"text-editor.default\">\n\t\t\t\t<div class=\"elementor-widget-container\">\n\t\t\t\t\t\t\t<p>We work to promote <strong>economic inclusion<\/strong> with pragmatism, strategy and efficiency.\u00a0<\/p>\t\t\t\t\t\t<\/div>\n\t\t\t\t<\/div>\n\t\t\t\t\t<\/div>\n\t\t<\/div>\n\t\t\t\t\t\t\t<\/div>\n\t\t<\/section>\n\t\t\t\t<section class=\"elementor-section elementor-top-section elementor-element elementor-element-6434fc8 elementor-section-boxed elementor-section-height-default elementor-section-height-default wd-section-disabled\" data-id=\"6434fc8\" data-element_type=\"section\">\n\t\t\t\t\t\t<div class=\"elementor-container elementor-column-gap-default\">\n\t\t\t\t\t<div class=\"elementor-column elementor-col-100 elementor-top-column elementor-element elementor-element-66d3a09c\" data-id=\"66d3a09c\" data-element_type=\"column\">\n\t\t\t<div class=\"elementor-widget-wrap elementor-element-populated\">\n\t\t\t\t\t\t\t\t<div class=\"elementor-element elementor-element-5e745fa6 elementor-widget elementor-widget-wd_title\" data-id=\"5e745fa6\" data-element_type=\"widget\" data-widget_type=\"wd_title.default\">\n\t\t\t\t<div class=\"elementor-widget-container\">\n\t\t\t\n<div class=\"title-wrapper set-mb-s reset-last-child wd-title-color-default wd-title-style-default wd-title-size-default text-center\">\n<div class=\"title-subtitle subtitle-color-default subtitle-style-default wd-fontsize-xs\">\n\t\t\t\t\tour programs\t\t\t\t<\/div>\n<div class=\"liner-continer\">\n<h4 class=\"woodmart-title-container title wd-fontsize-l\">What are we doing<\/h4>\n<\/p><\/div>\n<\/p><\/div>\n\t\t<\/div>\n\t\t\t\t<\/div>\n\t\t\t\t<div class=\"elementor-element elementor-element-1b43bfae elementor-widget elementor-widget-wd_portfolio\" data-id=\"1b43bfae\" data-element_type=\"widget\" data-widget_type=\"wd_portfolio.default\">\n\t\t\t\t<div class=\"elementor-widget-container\">\n\t\t\t\t\t\t<link rel=\"stylesheet\" id=\"wd-lazy-loading-css\" href=\"https:\/\/interelos.org.br\/wp-content\/themes\/woodmart\/css\/parts\/opt-lazy-load.min.css?ver=6.1.4\" type=\"text\/css\" media=\"all\" \/> \t\t\t\t\t\t<link rel=\"stylesheet\" id=\"wd-portfolio-base-css\" href=\"https:\/\/interelos.org.br\/wp-content\/themes\/woodmart\/css\/parts\/portfolio-base.min.css?ver=6.1.4\" type=\"text\/css\" media=\"all\" \/> \t\t\t\t\t\t<link rel=\"stylesheet\" id=\"wd-owl-carousel-css\" href=\"https:\/\/interelos.org.br\/wp-content\/themes\/woodmart\/css\/parts\/lib-owl-carousel.min.css?ver=6.1.4\" type=\"text\/css\" media=\"all\" \/> \t\t\t\t\t\t<div id=\"carousel-902\"\n\t\t\t\t class=\"wd-carousel-container  slider-type-portfolio wd-carousel-spacing-30\" data-owl-carousel data-speed=\"\" data-wrap=\"yes\" data-hide_pagination_control=\"no\" data-hide_prev_next_buttons=\"no\" data-desktop=\"3\" data-tablet_landscape=\"3\" data-tablet=\"2\" data-mobile=\"1\">\n\t\t\t\t\t\t\t\t<div class=\"owl-carousel owl-items-lg-3 owl-items-md-3 owl-items-sm-2 owl-items-xs-1\">\n\t\t\t\t\t\n\t\t\t\t\t\t\t<div class=\"slide-portfolio owl-carousel-item\">\n\t\t\t\n\t\t\t\t\t\t\t\t\t\t<link rel=\"stylesheet\" id=\"wd-photoswipe-css\" href=\"https:\/\/interelos.org.br\/wp-content\/themes\/woodmart\/css\/parts\/lib-photoswipe.min.css?ver=6.1.4\" type=\"text\/css\" media=\"all\" \/> \t\t\t\n<article id=\"post-3864\" class=\"portfolio-entry portfolio-single proj-cat-em-andamento portfolio-text-shown post-3864 portfolio type-portfolio status-publish has-post-thumbnail hentry project-cat-em-andamento\">\n\t<header class=\"entry-header\">\n\t\t\t\t\t<figure class=\"entry-thumbnail\">\n\t\t\t\t<a href=\"https:\/\/interelos.org.br\/en\/programas\/turismo-de-base-comunitaria\" class=\"portfolio-thumbnail\">\n\t\t\t\t\t<img width=\"1024\" height=\"1024\" src=\"https:\/\/interelos.org.br\/wp-content\/themes\/woodmart\/images\/lazy.png\" class=\"attachment-large size-large wp-image-3875 wd-lazy-load woodmart-lazy-load wd-lazy-blur\" alt=\"\" decoding=\"async\" loading=\"lazy\" srcset=\"\" sizes=\"(max-width: 1024px) 100vw, 1024px\" data-wood-src=\"https:\/\/interelos.org.br\/wp-content\/uploads\/2026\/09\/Turismo-Capa-copy-1024x1024.jpg\" data-srcset=\"https:\/\/interelos.org.br\/wp-content\/uploads\/2026\/09\/Turismo-Capa-copy-1024x1024.jpg 1024w, https:\/\/interelos.org.br\/wp-content\/uploads\/2026\/09\/Turismo-Capa-copy-300x300.jpg 300w, https:\/\/interelos.org.br\/wp-content\/uploads\/2026\/09\/Turismo-Capa-copy-150x150.jpg 150w, https:\/\/interelos.org.br\/wp-content\/uploads\/2026\/09\/Turismo-Capa-copy-768x768.jpg 768w, https:\/\/interelos.org.br\/wp-content\/uploads\/2026\/09\/Turismo-Capa-copy-12x12.jpg 12w, https:\/\/interelos.org.br\/wp-content\/uploads\/2026\/09\/Turismo-Capa-copy-700x700.jpg 700w, https:\/\/interelos.org.br\/wp-content\/uploads\/2026\/09\/Turismo-Capa-copy-450x450.jpg 450w, https:\/\/interelos.org.br\/wp-content\/uploads\/2026\/09\/Turismo-Capa-copy.jpg 1080w\" \/>\t\t\t\t<\/a>\n\t\t\t\t<a href=\"https:\/\/interelos.org.br\/wp-content\/uploads\/2026\/09\/Turismo-Capa-copy.jpg\" class=\"portfolio-enlarge\" data-elementor-open-lightbox=\"no\">View Large<\/a>\n\t\t\t\t\t\t\t\t\t<div class=\"social-icons-wrapper\">\n\t\t\t\t\t\t\t\t<link rel=\"stylesheet\" id=\"wd-social-icons-css\" href=\"https:\/\/interelos.org.br\/wp-content\/themes\/woodmart\/css\/parts\/el-social-icons.min.css?ver=6.1.4\" type=\"text\/css\" media=\"all\" \/> \t\t\t\n\t\t\t<div class=\"wd-social-icons woodmart-social-icons text-center icons-design-default icons-size-small color-scheme-light social-share social-form-circle\">\n\t\t\t\t\t\t\t\t\t<a rel=\"noopener noreferrer nofollow\" href=\"https:\/\/www.facebook.com\/sharer\/sharer.php?u=https:\/\/interelos.org.br\/en\/programas\/turismo-de-base-comunitaria\" target=\"_blank\" class=\"wd-social-icon social-facebook\">\n\t\t\t\t\t\t<span class=\"wd-icon\"><\/span>\n\t\t\t\t\t\t\t\t\t\t\t<\/a>\n\t\t\t\t\n\t\t\t\t\t\t\t\t\t<a rel=\"noopener noreferrer nofollow\" href=\"https:\/\/twitter.com\/share?url=https:\/\/interelos.org.br\/en\/programas\/turismo-de-base-comunitaria\" target=\"_blank\" class=\"wd-social-icon social-twitter\">\n\t\t\t\t\t\t<span class=\"wd-icon\"><\/span>\n\t\t\t\t\t\t\t\t\t\t\t<\/a>\n\t\t\t\t\n\t\t\t\t\n\t\t\t\t\n\t\t\t\t\n\t\t\t\t\t\t\t\t\t<a rel=\"noopener noreferrer nofollow\" href=\"https:\/\/pinterest.com\/pin\/create\/button\/?url=https:\/\/interelos.org.br\/en\/programas\/turismo-de-base-comunitaria&media=https:\/\/interelos.org.br\/wp-content\/uploads\/2026\/09\/Turismo-Capa-copy.jpg&description=Turismo+de+Base+Comunit%C3%A1ria\" target=\"_blank\" class=\"wd-social-icon social-pinterest\">\n\t\t\t\t\t\t<span class=\"wd-icon\"><\/span>\n\t\t\t\t\t\t\t\t\t\t\t<\/a>\n\t\t\t\t\n\t\t\t\t\n\t\t\t\t\t\t\t\t\t<a rel=\"noopener noreferrer nofollow\" href=\"https:\/\/www.linkedin.com\/shareArticle?mini=true&url=https:\/\/interelos.org.br\/en\/programas\/turismo-de-base-comunitaria\" target=\"_blank\" class=\"wd-social-icon social-linkedin\">\n\t\t\t\t\t\t<span class=\"wd-icon\"><\/span>\n\t\t\t\t\t\t\t\t\t\t\t<\/a>\n\t\t\t\t\n\t\t\t\t\n\t\t\t\t\n\t\t\t\t\n\t\t\t\t\n\t\t\t\t\n\t\t\t\t\n\t\t\t\t\n\t\t\t\t\n\t\t\t\t\n\t\t\t\t\t\t\t\t\n\t\t\t\t\t\t\t\t\n\t\t\t\t\n\t\t\t\t\t\t\t\t\t<a rel=\"noopener noreferrer nofollow\" href=\"https:\/\/telegram.me\/share\/url?url=https:\/\/interelos.org.br\/en\/programas\/turismo-de-base-comunitaria\" target=\"_blank\" class=\"wd-social-icon social-tg\">\n\t\t\t\t\t\t<span class=\"wd-icon\"><\/span>\n\t\t\t\t\t\t\t\t\t\t\t<\/a>\n\t\t\t\t\t\t\t\t\n\t\t\t\t\n\t\t\t<\/div>\n\n\t\t\t\t\t\t\t<\/div>\n\t\t\t\t\t\t\t<\/figure>\n\t\t\n\t\t<div class=\"portfolio-info\">\n\t\t\t\n\t\t\t\t\t\t\t\t<div class=\"wrap-meta\">\n\t\t\t\t\t\t<ul class=\"proj-cats-list\">\n\t\t\t\t\t\t\t\t\t\t\t\t\t\t<li>In progress<\/li>\n\t\t\t\t\t\t\t\t\t\t\t\t\t<\/ul>\n\t\t\t\t\t<\/div>\n\t\t\t\t\t\t\t\t \n\t\t\t<div class=\"wrap-title\">\n\t\t\t\t<h3 class=\"wd-entities-title\">\n\t\t\t\t\t<a href=\"https:\/\/interelos.org.br\/en\/programas\/turismo-de-base-comunitaria\" rel=\"bookmark\">Community-Based Tourism<\/a>\n\t\t\t\t<\/h3>\n\t\t\t<\/div>\n\t\t <\/div>\n\t <\/header>\n\n<\/article><!-- #post -->\n\t\t\t\t\t\n\t\t<\/div>\n\t\t\t\t<div class=\"slide-portfolio owl-carousel-item\">\n\t\t\t\n\t\t\t\t\t\t\t\n<article id=\"post-2066\" class=\"portfolio-entry portfolio-single proj-cat-em-andamento portfolio-text-shown post-2066 portfolio type-portfolio status-publish has-post-thumbnail hentry project-cat-em-andamento\">\n\t<header class=\"entry-header\">\n\t\t\t\t\t<figure class=\"entry-thumbnail\">\n\t\t\t\t<a href=\"https:\/\/interelos.org.br\/en\/programas\/educacao-do-campo\" class=\"portfolio-thumbnail\">\n\t\t\t\t\t<img width=\"1000\" height=\"750\" src=\"https:\/\/interelos.org.br\/wp-content\/themes\/woodmart\/images\/lazy.png\" class=\"attachment-large size-large wp-image-2071 wd-lazy-load woodmart-lazy-load wd-lazy-blur\" alt=\"\" decoding=\"async\" loading=\"lazy\" srcset=\"\" sizes=\"(max-width: 1000px) 100vw, 1000px\" data-wood-src=\"https:\/\/interelos.org.br\/wp-content\/uploads\/2022\/11\/Amazonia-Morador-1.jpg\" data-srcset=\"https:\/\/interelos.org.br\/wp-content\/uploads\/2022\/11\/Amazonia-Morador-1.jpg 1000w, https:\/\/interelos.org.br\/wp-content\/uploads\/2022\/11\/Amazonia-Morador-1-300x225.jpg 300w, https:\/\/interelos.org.br\/wp-content\/uploads\/2022\/11\/Amazonia-Morador-1-768x576.jpg 768w, https:\/\/interelos.org.br\/wp-content\/uploads\/2022\/11\/Amazonia-Morador-1-16x12.jpg 16w\" \/>\t\t\t\t<\/a>\n\t\t\t\t<a href=\"https:\/\/interelos.org.br\/wp-content\/uploads\/2022\/11\/Amazonia-Morador-1.jpg\" class=\"portfolio-enlarge\" data-elementor-open-lightbox=\"no\">View Large<\/a>\n\t\t\t\t\t\t\t\t\t<div class=\"social-icons-wrapper\">\n\t\t\t\t\t\n\t\t\t<div class=\"wd-social-icons woodmart-social-icons text-center icons-design-default icons-size-small color-scheme-light social-share social-form-circle\">\n\t\t\t\t\t\t\t\t\t<a rel=\"noopener noreferrer nofollow\" href=\"https:\/\/www.facebook.com\/sharer\/sharer.php?u=https:\/\/interelos.org.br\/en\/programas\/educacao-do-campo\" target=\"_blank\" class=\"wd-social-icon social-facebook\">\n\t\t\t\t\t\t<span class=\"wd-icon\"><\/span>\n\t\t\t\t\t\t\t\t\t\t\t<\/a>\n\t\t\t\t\n\t\t\t\t\t\t\t\t\t<a rel=\"noopener noreferrer nofollow\" href=\"https:\/\/twitter.com\/share?url=https:\/\/interelos.org.br\/en\/programas\/educacao-do-campo\" target=\"_blank\" class=\"wd-social-icon social-twitter\">\n\t\t\t\t\t\t<span class=\"wd-icon\"><\/span>\n\t\t\t\t\t\t\t\t\t\t\t<\/a>\n\t\t\t\t\n\t\t\t\t\n\t\t\t\t\n\t\t\t\t\n\t\t\t\t\t\t\t\t\t<a rel=\"noopener noreferrer nofollow\" href=\"https:\/\/pinterest.com\/pin\/create\/button\/?url=https:\/\/interelos.org.br\/en\/programas\/educacao-do-campo&media=https:\/\/interelos.org.br\/wp-content\/uploads\/2022\/11\/Amazonia-Morador-1.jpg&description=Educa%C3%A7%C3%A3o+do+Campo\" target=\"_blank\" class=\"wd-social-icon social-pinterest\">\n\t\t\t\t\t\t<span class=\"wd-icon\"><\/span>\n\t\t\t\t\t\t\t\t\t\t\t<\/a>\n\t\t\t\t\n\t\t\t\t\n\t\t\t\t\t\t\t\t\t<a rel=\"noopener noreferrer nofollow\" href=\"https:\/\/www.linkedin.com\/shareArticle?mini=true&url=https:\/\/interelos.org.br\/en\/programas\/educacao-do-campo\" target=\"_blank\" class=\"wd-social-icon social-linkedin\">\n\t\t\t\t\t\t<span class=\"wd-icon\"><\/span>\n\t\t\t\t\t\t\t\t\t\t\t<\/a>\n\t\t\t\t\n\t\t\t\t\n\t\t\t\t\n\t\t\t\t\n\t\t\t\t\n\t\t\t\t\n\t\t\t\t\n\t\t\t\t\n\t\t\t\t\n\t\t\t\t\n\t\t\t\t\t\t\t\t\n\t\t\t\t\t\t\t\t\n\t\t\t\t\n\t\t\t\t\t\t\t\t\t<a rel=\"noopener noreferrer nofollow\" href=\"https:\/\/telegram.me\/share\/url?url=https:\/\/interelos.org.br\/en\/programas\/educacao-do-campo\" target=\"_blank\" class=\"wd-social-icon social-tg\">\n\t\t\t\t\t\t<span class=\"wd-icon\"><\/span>\n\t\t\t\t\t\t\t\t\t\t\t<\/a>\n\t\t\t\t\t\t\t\t\n\t\t\t\t\n\t\t\t<\/div>\n\n\t\t\t\t\t\t\t<\/div>\n\t\t\t\t\t\t\t<\/figure>\n\t\t\n\t\t<div class=\"portfolio-info\">\n\t\t\t\n\t\t\t\t\t\t\t\t<div class=\"wrap-meta\">\n\t\t\t\t\t\t<ul class=\"proj-cats-list\">\n\t\t\t\t\t\t\t\t\t\t\t\t\t\t<li>In progress<\/li>\n\t\t\t\t\t\t\t\t\t\t\t\t\t<\/ul>\n\t\t\t\t\t<\/div>\n\t\t\t\t\t\t\t\t \n\t\t\t<div class=\"wrap-title\">\n\t\t\t\t<h3 class=\"wd-entities-title\">\n\t\t\t\t\t<a href=\"https:\/\/interelos.org.br\/en\/programas\/educacao-do-campo\" rel=\"bookmark\">Field Education<\/a>\n\t\t\t\t<\/h3>\n\t\t\t<\/div>\n\t\t <\/div>\n\t <\/header>\n\n<\/article><!-- #post -->\n\t\t\t\t\t\n\t\t<\/div>\n\t\t\t\t<div class=\"slide-portfolio owl-carousel-item\">\n\t\t\t\n\t\t\t\t\t\t\t\n<article id=\"post-412\" class=\"portfolio-entry portfolio-single proj-cat-em-andamento portfolio-text-shown post-412 portfolio type-portfolio status-publish has-post-thumbnail hentry project-cat-em-andamento\">\n\t<header class=\"entry-header\">\n\t\t\t\t\t<figure class=\"entry-thumbnail\">\n\t\t\t\t<a href=\"https:\/\/interelos.org.br\/en\/programas\/socioeconomia-amapa\" class=\"portfolio-thumbnail\">\n\t\t\t\t\t<img width=\"1000\" height=\"750\" src=\"https:\/\/interelos.org.br\/wp-content\/themes\/woodmart\/images\/lazy.png\" class=\"attachment-large size-large wp-image-759 wd-lazy-load woodmart-lazy-load wd-lazy-blur\" alt=\"\" decoding=\"async\" loading=\"lazy\" srcset=\"\" sizes=\"(max-width: 1000px) 100vw, 1000px\" data-wood-src=\"https:\/\/interelos.org.br\/wp-content\/uploads\/2021\/08\/Amazonbai-43.jpg\" data-srcset=\"https:\/\/interelos.org.br\/wp-content\/uploads\/2021\/08\/Amazonbai-43.jpg 1000w, https:\/\/interelos.org.br\/wp-content\/uploads\/2021\/08\/Amazonbai-43-300x225.jpg 300w, https:\/\/interelos.org.br\/wp-content\/uploads\/2021\/08\/Amazonbai-43-768x576.jpg 768w\" \/>\t\t\t\t<\/a>\n\t\t\t\t<a href=\"https:\/\/interelos.org.br\/wp-content\/uploads\/2021\/08\/Amazonbai-43.jpg\" class=\"portfolio-enlarge\" data-elementor-open-lightbox=\"no\">View Large<\/a>\n\t\t\t\t\t\t\t\t\t<div class=\"social-icons-wrapper\">\n\t\t\t\t\t\n\t\t\t<div class=\"wd-social-icons woodmart-social-icons text-center icons-design-default icons-size-small color-scheme-light social-share social-form-circle\">\n\t\t\t\t\t\t\t\t\t<a rel=\"noopener noreferrer nofollow\" href=\"https:\/\/www.facebook.com\/sharer\/sharer.php?u=https:\/\/interelos.org.br\/en\/programas\/socioeconomia-amapa\" target=\"_blank\" class=\"wd-social-icon social-facebook\">\n\t\t\t\t\t\t<span class=\"wd-icon\"><\/span>\n\t\t\t\t\t\t\t\t\t\t\t<\/a>\n\t\t\t\t\n\t\t\t\t\t\t\t\t\t<a rel=\"noopener noreferrer nofollow\" href=\"https:\/\/twitter.com\/share?url=https:\/\/interelos.org.br\/en\/programas\/socioeconomia-amapa\" target=\"_blank\" class=\"wd-social-icon social-twitter\">\n\t\t\t\t\t\t<span class=\"wd-icon\"><\/span>\n\t\t\t\t\t\t\t\t\t\t\t<\/a>\n\t\t\t\t\n\t\t\t\t\n\t\t\t\t\n\t\t\t\t\n\t\t\t\t\t\t\t\t\t<a rel=\"noopener noreferrer nofollow\" href=\"https:\/\/pinterest.com\/pin\/create\/button\/?url=https:\/\/interelos.org.br\/en\/programas\/socioeconomia-amapa&media=https:\/\/interelos.org.br\/wp-content\/uploads\/2021\/08\/Amazonbai-43.jpg&description=Programa+Interelos+de+Socioeconomia+no+Amap%C3%A1\" target=\"_blank\" class=\"wd-social-icon social-pinterest\">\n\t\t\t\t\t\t<span class=\"wd-icon\"><\/span>\n\t\t\t\t\t\t\t\t\t\t\t<\/a>\n\t\t\t\t\n\t\t\t\t\n\t\t\t\t\t\t\t\t\t<a rel=\"noopener noreferrer nofollow\" href=\"https:\/\/www.linkedin.com\/shareArticle?mini=true&url=https:\/\/interelos.org.br\/en\/programas\/socioeconomia-amapa\" target=\"_blank\" class=\"wd-social-icon social-linkedin\">\n\t\t\t\t\t\t<span class=\"wd-icon\"><\/span>\n\t\t\t\t\t\t\t\t\t\t\t<\/a>\n\t\t\t\t\n\t\t\t\t\n\t\t\t\t\n\t\t\t\t\n\t\t\t\t\n\t\t\t\t\n\t\t\t\t\n\t\t\t\t\n\t\t\t\t\n\t\t\t\t\n\t\t\t\t\t\t\t\t\n\t\t\t\t\t\t\t\t\n\t\t\t\t\n\t\t\t\t\t\t\t\t\t<a rel=\"noopener noreferrer nofollow\" href=\"https:\/\/telegram.me\/share\/url?url=https:\/\/interelos.org.br\/en\/programas\/socioeconomia-amapa\" target=\"_blank\" class=\"wd-social-icon social-tg\">\n\t\t\t\t\t\t<span class=\"wd-icon\"><\/span>\n\t\t\t\t\t\t\t\t\t\t\t<\/a>\n\t\t\t\t\t\t\t\t\n\t\t\t\t\n\t\t\t<\/div>\n\n\t\t\t\t\t\t\t<\/div>\n\t\t\t\t\t\t\t<\/figure>\n\t\t\n\t\t<div class=\"portfolio-info\">\n\t\t\t\n\t\t\t\t\t\t\t\t<div class=\"wrap-meta\">\n\t\t\t\t\t\t<ul class=\"proj-cats-list\">\n\t\t\t\t\t\t\t\t\t\t\t\t\t\t<li>In progress<\/li>\n\t\t\t\t\t\t\t\t\t\t\t\t\t<\/ul>\n\t\t\t\t\t<\/div>\n\t\t\t\t\t\t\t\t \n\t\t\t<div class=\"wrap-title\">\n\t\t\t\t<h3 class=\"wd-entities-title\">\n\t\t\t\t\t<a href=\"https:\/\/interelos.org.br\/en\/programas\/socioeconomia-amapa\" rel=\"bookmark\">Interelos Socioeconomics Program in Amap\u00e1<\/a>\n\t\t\t\t<\/h3>\n\t\t\t<\/div>\n\t\t <\/div>\n\t <\/header>\n\n<\/article><!-- #post -->\n\t\t\t\t\t\n\t\t<\/div>\n\t\t\t\t<div class=\"slide-portfolio owl-carousel-item\">\n\t\t\t\n\t\t\t\t\t\t\t\n<article id=\"post-218\" class=\"portfolio-entry portfolio-single proj-cat-em-andamento portfolio-text-shown post-218 portfolio type-portfolio status-publish has-post-thumbnail hentry project-cat-em-andamento\">\n\t<header class=\"entry-header\">\n\t\t\t\t\t<figure class=\"entry-thumbnail\">\n\t\t\t\t<a href=\"https:\/\/interelos.org.br\/en\/programas\/socioeconomia-resex-verde-para-sempre\" class=\"portfolio-thumbnail\">\n\t\t\t\t\t<img width=\"1000\" height=\"750\" src=\"https:\/\/interelos.org.br\/wp-content\/themes\/woodmart\/images\/lazy.png\" class=\"attachment-large size-large wp-image-1069 wd-lazy-load woodmart-lazy-load wd-lazy-blur\" alt=\"Resex Verde para Sempre\" decoding=\"async\" loading=\"lazy\" srcset=\"\" sizes=\"(max-width: 1000px) 100vw, 1000px\" data-wood-src=\"https:\/\/interelos.org.br\/wp-content\/uploads\/2021\/08\/foto-resex-site-1000x750-1.jpg\" data-srcset=\"https:\/\/interelos.org.br\/wp-content\/uploads\/2021\/08\/foto-resex-site-1000x750-1.jpg 1000w, https:\/\/interelos.org.br\/wp-content\/uploads\/2021\/08\/foto-resex-site-1000x750-1-300x225.jpg 300w, https:\/\/interelos.org.br\/wp-content\/uploads\/2021\/08\/foto-resex-site-1000x750-1-768x576.jpg 768w\" \/>\t\t\t\t<\/a>\n\t\t\t\t<a href=\"https:\/\/interelos.org.br\/wp-content\/uploads\/2021\/08\/foto-resex-site-1000x750-1.jpg\" class=\"portfolio-enlarge\" data-elementor-open-lightbox=\"no\">View Large<\/a>\n\t\t\t\t\t\t\t\t\t<div class=\"social-icons-wrapper\">\n\t\t\t\t\t\n\t\t\t<div class=\"wd-social-icons woodmart-social-icons text-center icons-design-default icons-size-small color-scheme-light social-share social-form-circle\">\n\t\t\t\t\t\t\t\t\t<a rel=\"noopener noreferrer nofollow\" href=\"https:\/\/www.facebook.com\/sharer\/sharer.php?u=https:\/\/interelos.org.br\/en\/programas\/socioeconomia-resex-verde-para-sempre\" target=\"_blank\" class=\"wd-social-icon social-facebook\">\n\t\t\t\t\t\t<span class=\"wd-icon\"><\/span>\n\t\t\t\t\t\t\t\t\t\t\t<\/a>\n\t\t\t\t\n\t\t\t\t\t\t\t\t\t<a rel=\"noopener noreferrer nofollow\" href=\"https:\/\/twitter.com\/share?url=https:\/\/interelos.org.br\/en\/programas\/socioeconomia-resex-verde-para-sempre\" target=\"_blank\" class=\"wd-social-icon social-twitter\">\n\t\t\t\t\t\t<span class=\"wd-icon\"><\/span>\n\t\t\t\t\t\t\t\t\t\t\t<\/a>\n\t\t\t\t\n\t\t\t\t\n\t\t\t\t\n\t\t\t\t\n\t\t\t\t\t\t\t\t\t<a rel=\"noopener noreferrer nofollow\" href=\"https:\/\/pinterest.com\/pin\/create\/button\/?url=https:\/\/interelos.org.br\/en\/programas\/socioeconomia-resex-verde-para-sempre&media=https:\/\/interelos.org.br\/wp-content\/uploads\/2021\/08\/foto-resex-site-1000x750-1.jpg&description=Programa+Interelos+de+Socioeconomia+na+RESEX+Verde+Para+Sempre\" target=\"_blank\" class=\"wd-social-icon social-pinterest\">\n\t\t\t\t\t\t<span class=\"wd-icon\"><\/span>\n\t\t\t\t\t\t\t\t\t\t\t<\/a>\n\t\t\t\t\n\t\t\t\t\n\t\t\t\t\t\t\t\t\t<a rel=\"noopener noreferrer nofollow\" href=\"https:\/\/www.linkedin.com\/shareArticle?mini=true&url=https:\/\/interelos.org.br\/en\/programas\/socioeconomia-resex-verde-para-sempre\" target=\"_blank\" class=\"wd-social-icon social-linkedin\">\n\t\t\t\t\t\t<span class=\"wd-icon\"><\/span>\n\t\t\t\t\t\t\t\t\t\t\t<\/a>\n\t\t\t\t\n\t\t\t\t\n\t\t\t\t\n\t\t\t\t\n\t\t\t\t\n\t\t\t\t\n\t\t\t\t\n\t\t\t\t\n\t\t\t\t\n\t\t\t\t\n\t\t\t\t\t\t\t\t\n\t\t\t\t\t\t\t\t\n\t\t\t\t\n\t\t\t\t\t\t\t\t\t<a rel=\"noopener noreferrer nofollow\" href=\"https:\/\/telegram.me\/share\/url?url=https:\/\/interelos.org.br\/en\/programas\/socioeconomia-resex-verde-para-sempre\" target=\"_blank\" class=\"wd-social-icon social-tg\">\n\t\t\t\t\t\t<span class=\"wd-icon\"><\/span>\n\t\t\t\t\t\t\t\t\t\t\t<\/a>\n\t\t\t\t\t\t\t\t\n\t\t\t\t\n\t\t\t<\/div>\n\n\t\t\t\t\t\t\t<\/div>\n\t\t\t\t\t\t\t<\/figure>\n\t\t\n\t\t<div class=\"portfolio-info\">\n\t\t\t\n\t\t\t\t\t\t\t\t<div class=\"wrap-meta\">\n\t\t\t\t\t\t<ul class=\"proj-cats-list\">\n\t\t\t\t\t\t\t\t\t\t\t\t\t\t<li>In progress<\/li>\n\t\t\t\t\t\t\t\t\t\t\t\t\t<\/ul>\n\t\t\t\t\t<\/div>\n\t\t\t\t\t\t\t\t \n\t\t\t<div class=\"wrap-title\">\n\t\t\t\t<h3 class=\"wd-entities-title\">\n\t\t\t\t\t<a href=\"https:\/\/interelos.org.br\/en\/programas\/socioeconomia-resex-verde-para-sempre\" rel=\"bookmark\">Interelos Socioeconomics Program at RESEX Verde Para Semper<\/a>\n\t\t\t\t<\/h3>\n\t\t\t<\/div>\n\t\t <\/div>\n\t <\/header>\n\n<\/article><!-- #post -->\n\t\t\t\t\t\n\t\t<\/div>\n\t\t\t\t\t\t\n\t\t\t\t<\/div> <!-- end product-items -->\n\t\t\t<\/div> <!-- end #carousel-902 -->\n\t\t\t\n\t\t\t\t\t<\/div>\n\t\t\t\t<\/div>\n\t\t\t\t\t<\/div>\n\t\t<\/div>\n\t\t\t\t\t\t\t<\/div>\n\t\t<\/section>\n\t\t\t\t\t\t\t<\/div>","protected":false},"excerpt":{"rendered":"<p>View Large Ongoing Rural Education View Large Ongoing Interelos Socioeconomic Program in Amap\u00e1 View Large In<\/p>","protected":false},"author":1,"featured_media":0,"parent":20,"menu_order":0,"comment_status":"closed","ping_status":"closed","template":"","meta":[],"_links":{"self":[{"href":"https:\/\/interelos.org.br\/en\/wp-json\/wp\/v2\/pages\/34"}],"collection":[{"href":"https:\/\/interelos.org.br\/en\/wp-json\/wp\/v2\/pages"}],"about":[{"href":"https:\/\/interelos.org.br\/en\/wp-json\/wp\/v2\/types\/page"}],"author":[{"embeddable":true,"href":"https:\/\/interelos.org.br\/en\/wp-json\/wp\/v2\/users\/1"}],"replies":[{"embeddable":true,"href":"https:\/\/interelos.org.br\/en\/wp-json\/wp\/v2\/comments?post=34"}],"version-history":[{"count":62,"href":"https:\/\/interelos.org.br\/en\/wp-json\/wp\/v2\/pages\/34\/revisions"}],"predecessor-version":[{"id":3855,"href":"https:\/\/interelos.org.br\/en\/wp-json\/wp\/v2\/pages\/34\/revisions\/3855"}],"up":[{"embeddable":true,"href":"https:\/\/interelos.org.br\/en\/wp-json\/wp\/v2\/pages\/20"}],"wp:attachment":[{"href":"https:\/\/interelos.org.br\/en\/wp-json\/wp\/v2\/media?parent=34"}],"curies":[{"name":"wp","href":"https:\/\/api.w.org\/{rel}","templated":true}]}}