{"id":3656,"date":"2021-08-07T12:31:10","date_gmt":"2021-08-07T15:31:10","guid":{"rendered":"https:\/\/interelos.org.br\/?page_id=3656"},"modified":"2026-04-01T12:20:00","modified_gmt":"2026-04-01T15:20:00","slug":"contato-3-2","status":"publish","type":"page","link":"https:\/\/interelos.org.br\/en\/contato-3-2","title":{"rendered":"Oportunidades BKP"},"content":{"rendered":"<div data-elementor-type=\"wp-page\" data-elementor-id=\"3656\" class=\"elementor elementor-3656\" data-elementor-post-type=\"page\">\n\t\t\t\t\t\t\t\t\t<section class=\"elementor-section elementor-top-section elementor-element elementor-element-b968d19 elementor-section-boxed elementor-section-height-default elementor-section-height-default wd-section-disabled\" data-id=\"b968d19\" data-element_type=\"section\">\n\t\t\t\t\t\t<div class=\"elementor-container elementor-column-gap-default\">\n\t\t\t\t\t<div class=\"elementor-column elementor-col-100 elementor-top-column elementor-element elementor-element-585e372\" data-id=\"585e372\" data-element_type=\"column\">\n\t\t\t<div class=\"elementor-widget-wrap elementor-element-populated\">\n\t\t\t\t\t\t\t\t<div class=\"elementor-element elementor-element-d5462fa elementor-widget elementor-widget-wd_title\" data-id=\"d5462fa\" data-element_type=\"widget\" data-widget_type=\"wd_title.default\">\n\t\t\t\t<div class=\"elementor-widget-container\">\n\t\t\t<link rel=\"stylesheet\" id=\"wd-section-title-css\" href=\"https:\/\/interelos.org.br\/wp-content\/themes\/woodmart\/css\/parts\/el-section-title.min.css?ver=6.1.4\" type=\"text\/css\" media=\"all\" \/>\n<div class=\"title-wrapper set-mb-s reset-last-child wd-title-color-default wd-title-style-default wd-title-size-small text-left\">\n<div class=\"liner-continer\">\n<h4 class=\"woodmart-title-container title wd-fontsize-m\">OPPORTUNITIES<\/h4>\n<\/p><\/div>\n<div class=\"title-after_title set-cont-mb-s reset-last-child wd-fontsize-xs\">\n\t\t\t\t\tHere you can find our Terms of Reference and project opportunities.\n\t\t\t\t<\/div>\n<\/p><\/div>\n\t\t<\/div>\n\t\t\t\t<\/div>\n\t\t\t\t\t<\/div>\n\t\t<\/div>\n\t\t\t\t\t\t\t<\/div>\n\t\t<\/section>\n\t\t\t\t<section class=\"elementor-section elementor-top-section elementor-element elementor-element-2bfb59d elementor-section-boxed elementor-section-height-default elementor-section-height-default wd-section-disabled\" data-id=\"2bfb59d\" data-element_type=\"section\">\n\t\t\t\t\t\t<div class=\"elementor-container elementor-column-gap-default\">\n\t\t\t\t\t<div class=\"elementor-column elementor-col-100 elementor-top-column elementor-element elementor-element-8ba939b\" data-id=\"8ba939b\" data-element_type=\"column\">\n\t\t\t<div class=\"elementor-widget-wrap elementor-element-populated\">\n\t\t\t\t\t\t\t\t<div class=\"elementor-element elementor-element-4255f64 color-scheme-inherit text-left elementor-widget elementor-widget-text-editor\" data-id=\"4255f64\" data-element_type=\"widget\" data-widget_type=\"text-editor.default\">\n\t\t\t\t<div class=\"elementor-widget-container\">\n\t\t\t<style>\/*! elementor - v3.17.0 - 08-11-2023 *\/\n.elementor-widget-text-editor.elementor-drop-cap-view-stacked .elementor-drop-cap{background-color:#69727d;color:#fff}.elementor-widget-text-editor.elementor-drop-cap-view-framed .elementor-drop-cap{color:#69727d;border:3px solid;background-color:transparent}.elementor-widget-text-editor:not(.elementor-drop-cap-view-default) .elementor-drop-cap{margin-top:8px}.elementor-widget-text-editor:not(.elementor-drop-cap-view-default) .elementor-drop-cap-letter{width:1em;height:1em}.elementor-widget-text-editor .elementor-drop-cap{float:left;text-align:center;line-height:1;font-size:50px}.elementor-widget-text-editor .elementor-drop-cap-letter{display:inline-block}<\/style>\t\t\t\t<p><strong>Termo de Refer\u00eancia: 19\/2026<\/strong><br \/>Contrata\u00e7\u00e3o de Pessoa Jur\u00eddica para presta\u00e7\u00e3o de servi\u00e7os de consultoria t\u00e9cnica especializada em extens\u00e3o rural, focada na capacita\u00e7\u00e3o em manejo agroecol\u00f3gico e na otimiza\u00e7\u00e3o da cadeia produtiva do a\u00e7a\u00ed<br \/>Deadline: April 6, 2026<\/p>\t\t\t\t\t\t<\/div>\n\t\t\t\t<\/div>\n\t\t\t\t<div class=\"elementor-element elementor-element-ad24a8f elementor-widget elementor-widget-wd_button\" data-id=\"ad24a8f\" data-element_type=\"widget\" data-widget_type=\"wd_button.default\">\n\t\t\t\t<div class=\"elementor-widget-container\">\n\t\t\t\t\t<div class=\"wd-button-wrapper woodmart-button-wrapper text-left\" >\n\t\t\t<a class=\"btn btn-style-default btn-shape-rectangle btn-size-default btn-color-default btn-icon-pos-right\"  href=\"https:\/\/interelos.org.br\/wp-content\/uploads\/2026\/04\/Contratacao-profissional-manejo-RESEX_-SEBRAE-08_-TRXX-.pdf\" target=\"_blank\">\n\t\t\t\t<span class=\"wd-btn-text\" data-elementor-setting-key=\"text\">\n\t\t\t\t\tDownload Terms of Reference\t\t\t\t<\/span>\n\n\t\t\t\t\t\t\t<\/a>\n\t\t<\/div>\n\t\t\t\t<\/div>\n\t\t\t\t<\/div>\n\t\t\t\t\t<\/div>\n\t\t<\/div>\n\t\t\t\t\t\t\t<\/div>\n\t\t<\/section>\n\t\t\t\t<section class=\"elementor-section elementor-top-section elementor-element elementor-element-c659466 elementor-section-boxed elementor-section-height-default elementor-section-height-default wd-section-disabled\" data-id=\"c659466\" data-element_type=\"section\">\n\t\t\t\t\t\t<div class=\"elementor-container elementor-column-gap-default\">\n\t\t\t\t\t<div class=\"elementor-column elementor-col-100 elementor-top-column elementor-element elementor-element-06a5bb0\" data-id=\"06a5bb0\" data-element_type=\"column\">\n\t\t\t<div class=\"elementor-widget-wrap elementor-element-populated\">\n\t\t\t\t\t\t\t\t<div class=\"elementor-element elementor-element-af02fb1 color-scheme-inherit text-left elementor-widget elementor-widget-text-editor\" data-id=\"af02fb1\" data-element_type=\"widget\" data-widget_type=\"text-editor.default\">\n\t\t\t\t<div class=\"elementor-widget-container\">\n\t\t\t\t\t\t\t<p><strong>Termo de Refer\u00eancia: 16\/2026<\/strong><br \/>Contrata\u00e7\u00e3o de Pessoa Jur\u00eddica para Apoio T\u00e9cnico e Administrativo<br \/>Deadline: March 15, 2026<\/p>\t\t\t\t\t\t<\/div>\n\t\t\t\t<\/div>\n\t\t\t\t<div class=\"elementor-element elementor-element-12755ca elementor-widget elementor-widget-wd_button\" data-id=\"12755ca\" data-element_type=\"widget\" data-widget_type=\"wd_button.default\">\n\t\t\t\t<div class=\"elementor-widget-container\">\n\t\t\t\t\t<div class=\"wd-button-wrapper woodmart-button-wrapper text-left\" >\n\t\t\t<a class=\"btn btn-style-default btn-shape-rectangle btn-size-default btn-color-default btn-icon-pos-right\"  href=\"https:\/\/interelos.org.br\/wp-content\/uploads\/2026\/03\/TR016-Contratacao-servico-financeiro-SB-07_-TR16_versao-final.pdf\" target=\"_blank\">\n\t\t\t\t<span class=\"wd-btn-text\" data-elementor-setting-key=\"text\">\n\t\t\t\t\tDownload Terms of Reference\t\t\t\t<\/span>\n\n\t\t\t\t\t\t\t<\/a>\n\t\t<\/div>\n\t\t\t\t<\/div>\n\t\t\t\t<\/div>\n\t\t\t\t\t<\/div>\n\t\t<\/div>\n\t\t\t\t\t\t\t<\/div>\n\t\t<\/section>\n\t\t\t\t<section class=\"elementor-section elementor-top-section elementor-element elementor-element-5656b0d elementor-section-boxed elementor-section-height-default elementor-section-height-default wd-section-disabled\" data-id=\"5656b0d\" data-element_type=\"section\">\n\t\t\t\t\t\t<div class=\"elementor-container elementor-column-gap-default\">\n\t\t\t\t\t<div class=\"elementor-column elementor-col-100 elementor-top-column elementor-element elementor-element-ea35d8e\" data-id=\"ea35d8e\" data-element_type=\"column\">\n\t\t\t<div class=\"elementor-widget-wrap elementor-element-populated\">\n\t\t\t\t\t\t\t\t<div class=\"elementor-element elementor-element-b492ee4 color-scheme-inherit text-left elementor-widget elementor-widget-text-editor\" data-id=\"b492ee4\" data-element_type=\"widget\" data-widget_type=\"text-editor.default\">\n\t\t\t\t<div class=\"elementor-widget-container\">\n\t\t\t\t\t\t\t<p><strong>Termo de Refer\u00eancia: 17\/2026<\/strong><br \/>Contrata\u00e7\u00e3o de Pessoa Jur\u00eddica para Suporte T\u00e9cnico e Operacional para a cadeia do a\u00e7a\u00ed<br \/>Deadline: March 15, 2026<\/p>\t\t\t\t\t\t<\/div>\n\t\t\t\t<\/div>\n\t\t\t\t<div class=\"elementor-element elementor-element-c7b369f elementor-widget elementor-widget-wd_button\" data-id=\"c7b369f\" data-element_type=\"widget\" data-widget_type=\"wd_button.default\">\n\t\t\t\t<div class=\"elementor-widget-container\">\n\t\t\t\t\t<div class=\"wd-button-wrapper woodmart-button-wrapper text-left\" >\n\t\t\t<a class=\"btn btn-style-default btn-shape-rectangle btn-size-default btn-color-default btn-icon-pos-right\"  href=\"https:\/\/interelos.org.br\/wp-content\/uploads\/2026\/03\/TR017-Contratacao-Profissional-Industria_-SB-07_-TR17_versao-final-.pdf\" target=\"_blank\">\n\t\t\t\t<span class=\"wd-btn-text\" data-elementor-setting-key=\"text\">\n\t\t\t\t\tDownload Terms of Reference\t\t\t\t<\/span>\n\n\t\t\t\t\t\t\t<\/a>\n\t\t<\/div>\n\t\t\t\t<\/div>\n\t\t\t\t<\/div>\n\t\t\t\t\t<\/div>\n\t\t<\/div>\n\t\t\t\t\t\t\t<\/div>\n\t\t<\/section>\n\t\t\t\t<section class=\"elementor-section elementor-top-section elementor-element elementor-element-d6ccc38 elementor-section-boxed elementor-section-height-default elementor-section-height-default wd-section-disabled\" data-id=\"d6ccc38\" data-element_type=\"section\">\n\t\t\t\t\t\t<div class=\"elementor-container elementor-column-gap-default\">\n\t\t\t\t\t<div class=\"elementor-column elementor-col-100 elementor-top-column elementor-element elementor-element-79fd325\" data-id=\"79fd325\" data-element_type=\"column\">\n\t\t\t<div class=\"elementor-widget-wrap elementor-element-populated\">\n\t\t\t\t\t\t\t\t<div class=\"elementor-element elementor-element-5f6c4c9 color-scheme-inherit text-left elementor-widget elementor-widget-text-editor\" data-id=\"5f6c4c9\" data-element_type=\"widget\" data-widget_type=\"text-editor.default\">\n\t\t\t\t<div class=\"elementor-widget-container\">\n\t\t\t\t\t\t\t<p><strong>Termo de Refer\u00eancia: 18\/2026<\/strong><br \/><span class=\"prose prose-bubble\">Contrata\u00e7\u00e3o de pessoa jur\u00eddica para a estrutura\u00e7\u00e3o e operacionaliza\u00e7\u00e3o de a\u00e7\u00f5es em Gest\u00e3o Social e Direitos Humanos<\/span><strong><span class=\"prose prose-bubble\"><br \/><\/span><\/strong>Deadline: March 15, 2026<\/p>\t\t\t\t\t\t<\/div>\n\t\t\t\t<\/div>\n\t\t\t\t<div class=\"elementor-element elementor-element-ad1ef47 elementor-widget elementor-widget-wd_button\" data-id=\"ad1ef47\" data-element_type=\"widget\" data-widget_type=\"wd_button.default\">\n\t\t\t\t<div class=\"elementor-widget-container\">\n\t\t\t\t\t<div class=\"wd-button-wrapper woodmart-button-wrapper text-left\" >\n\t\t\t<a class=\"btn btn-style-default btn-shape-rectangle btn-size-default btn-color-default btn-icon-pos-right\"  href=\"https:\/\/interelos.org.br\/wp-content\/uploads\/2026\/03\/TR018-Contratacao-Profissional-Direitos-Humanos_-SB-07_-TR18_versao-final-.pdf\" target=\"_blank\">\n\t\t\t\t<span class=\"wd-btn-text\" data-elementor-setting-key=\"text\">\n\t\t\t\t\tDownload Terms of Reference\t\t\t\t<\/span>\n\n\t\t\t\t\t\t\t<\/a>\n\t\t<\/div>\n\t\t\t\t<\/div>\n\t\t\t\t<\/div>\n\t\t\t\t\t<\/div>\n\t\t<\/div>\n\t\t\t\t\t\t\t<\/div>\n\t\t<\/section>\n\t\t\t\t<section class=\"elementor-section elementor-top-section elementor-element elementor-element-ff55934 elementor-section-boxed elementor-section-height-default elementor-section-height-default wd-section-disabled\" data-id=\"ff55934\" data-element_type=\"section\">\n\t\t\t\t\t\t<div class=\"elementor-container elementor-column-gap-default\">\n\t\t\t\t\t<div class=\"elementor-column elementor-col-100 elementor-top-column elementor-element elementor-element-b65e326\" data-id=\"b65e326\" data-element_type=\"column\">\n\t\t\t<div class=\"elementor-widget-wrap elementor-element-populated\">\n\t\t\t\t\t\t\t\t<div class=\"elementor-element elementor-element-e8a761d elementor-widget elementor-widget-spacer\" data-id=\"e8a761d\" data-element_type=\"widget\" data-widget_type=\"spacer.default\">\n\t\t\t\t<div class=\"elementor-widget-container\">\n\t\t\t<style>\/*! elementor - v3.17.0 - 08-11-2023 *\/\n.elementor-column .elementor-spacer-inner{height:var(--spacer-size)}.e-con{--container-widget-width:100%}.e-con-inner>.elementor-widget-spacer,.e-con>.elementor-widget-spacer{width:var(--container-widget-width,var(--spacer-size));--align-self:var(--container-widget-align-self,initial);--flex-shrink:0}.e-con-inner>.elementor-widget-spacer>.elementor-widget-container,.e-con>.elementor-widget-spacer>.elementor-widget-container{height:100%;width:100%}.e-con-inner>.elementor-widget-spacer>.elementor-widget-container>.elementor-spacer,.e-con>.elementor-widget-spacer>.elementor-widget-container>.elementor-spacer{height:100%}.e-con-inner>.elementor-widget-spacer>.elementor-widget-container>.elementor-spacer>.elementor-spacer-inner,.e-con>.elementor-widget-spacer>.elementor-widget-container>.elementor-spacer>.elementor-spacer-inner{height:var(--container-widget-height,var(--spacer-size))}.e-con-inner>.elementor-widget-spacer.elementor-widget-empty,.e-con>.elementor-widget-spacer.elementor-widget-empty{position:relative;min-height:22px;min-width:22px}.e-con-inner>.elementor-widget-spacer.elementor-widget-empty .elementor-widget-empty-icon,.e-con>.elementor-widget-spacer.elementor-widget-empty .elementor-widget-empty-icon{position:absolute;top:0;bottom:0;left:0;right:0;margin:auto;padding:0;width:22px;height:22px}<\/style>\t\t<div class=\"elementor-spacer\">\n\t\t\t<div class=\"elementor-spacer-inner\"><\/div>\n\t\t<\/div>\n\t\t\t\t<\/div>\n\t\t\t\t<\/div>\n\t\t\t\t\t<\/div>\n\t\t<\/div>\n\t\t\t\t\t\t\t<\/div>\n\t\t<\/section>\n\t\t\t\t\t\t\t<\/div>","protected":false},"excerpt":{"rendered":"<p>OPPORTUNITIES Follow our Terms of Reference and project opportunities here. Terms of Reference: 19\/2026 Hiring of a Legal Entity for the provision of services<\/p>","protected":false},"author":7,"featured_media":0,"parent":0,"menu_order":0,"comment_status":"closed","ping_status":"closed","template":"","meta":[],"_links":{"self":[{"href":"https:\/\/interelos.org.br\/en\/wp-json\/wp\/v2\/pages\/3656"}],"collection":[{"href":"https:\/\/interelos.org.br\/en\/wp-json\/wp\/v2\/pages"}],"about":[{"href":"https:\/\/interelos.org.br\/en\/wp-json\/wp\/v2\/types\/page"}],"author":[{"embeddable":true,"href":"https:\/\/interelos.org.br\/en\/wp-json\/wp\/v2\/users\/7"}],"replies":[{"embeddable":true,"href":"https:\/\/interelos.org.br\/en\/wp-json\/wp\/v2\/comments?post=3656"}],"version-history":[{"count":21,"href":"https:\/\/interelos.org.br\/en\/wp-json\/wp\/v2\/pages\/3656\/revisions"}],"predecessor-version":[{"id":3724,"href":"https:\/\/interelos.org.br\/en\/wp-json\/wp\/v2\/pages\/3656\/revisions\/3724"}],"wp:attachment":[{"href":"https:\/\/interelos.org.br\/en\/wp-json\/wp\/v2\/media?parent=3656"}],"curies":[{"name":"wp","href":"https:\/\/api.w.org\/{rel}","templated":true}]}}